{"version":"1.0","provider_name":"Fran\u00e7ois Servais","provider_url":"https:\/\/www.servais-vzw.org\/de\/","title":"32. Servais Konzert - Fran\u00e7ois Servais","type":"rich","width":600,"height":338,"html":"<blockquote class=\"wp-embedded-content\" data-secret=\"Ykry5LNCdU\"><a href=\"https:\/\/www.servais-vzw.org\/de\/events\/32-servais-konzert\/\">32. Servais Konzert<\/a><\/blockquote><iframe sandbox=\"allow-scripts\" security=\"restricted\" src=\"https:\/\/www.servais-vzw.org\/de\/events\/32-servais-konzert\/embed\/#?secret=Ykry5LNCdU\" width=\"600\" height=\"338\" title=\"&#8222;32. Servais Konzert&#8220; &#8211; Fran\u00e7ois Servais\" data-secret=\"Ykry5LNCdU\" frameborder=\"0\" marginwidth=\"0\" marginheight=\"0\" scrolling=\"no\" class=\"wp-embedded-content\"><\/iframe><script type=\"text\/javascript\">\n\/* <![CDATA[ *\/\n\/*! This file is auto-generated *\/\n!function(d,l){\"use strict\";l.querySelector&&d.addEventListener&&\"undefined\"!=typeof URL&&(d.wp=d.wp||{},d.wp.receiveEmbedMessage||(d.wp.receiveEmbedMessage=function(e){var t=e.data;if((t||t.secret||t.message||t.value)&&!\/[^a-zA-Z0-9]\/.test(t.secret)){for(var s,r,n,a=l.querySelectorAll('iframe[data-secret=\"'+t.secret+'\"]'),o=l.querySelectorAll('blockquote[data-secret=\"'+t.secret+'\"]'),c=new RegExp(\"^https?:$\",\"i\"),i=0;i<o.length;i++)o[i].style.display=\"none\";for(i=0;i<a.length;i++)s=a[i],e.source===s.contentWindow&&(s.removeAttribute(\"style\"),\"height\"===t.message?(1e3<(r=parseInt(t.value,10))?r=1e3:~~r<200&&(r=200),s.height=r):\"link\"===t.message&&(r=new URL(s.getAttribute(\"src\")),n=new URL(t.value),c.test(n.protocol))&&n.host===r.host&&l.activeElement===s&&(d.top.location.href=t.value))}},d.addEventListener(\"message\",d.wp.receiveEmbedMessage,!1),l.addEventListener(\"DOMContentLoaded\",function(){for(var e,t,s=l.querySelectorAll(\"iframe.wp-embedded-content\"),r=0;r<s.length;r++)(t=(e=s[r]).getAttribute(\"data-secret\"))||(t=Math.random().toString(36).substring(2,12),e.src+=\"#?secret=\"+t,e.setAttribute(\"data-secret\",t)),e.contentWindow.postMessage({message:\"ready\",secret:t},\"*\")},!1)))}(window,document);\n\/\/# sourceURL=https:\/\/www.servais-vzw.org\/wp-includes\/js\/wp-embed.min.js\n\/* ]]> *\/\n<\/script>\n","thumbnail_url":"https:\/\/www.servais-vzw.org\/wp-content\/uploads\/2024\/10\/affiche-MAIL-scaled.jpg","thumbnail_width":1810,"thumbnail_height":2560,"description":"Pierre Fontenelle ist einer der f\u00fchrenden Cellisten der neuen Generation. In kurzer Zeit hat er sich seinen Platz auf den Konzertb\u00fchnen erobert, indem er eine Reihe von Wettbewerben gewann und Solocellist der L\u00fctticher Oper und Lehrer am Konservatorium von Namur wurde. Pierre spielt regelm\u00e4\u00dfig Werke des halleschen Cellisten und Komponisten Fran\u00e7ois Servais. Auch am 6. Juni &#8211; dem Geburtstag von ..."}