{"version":"1.0","provider_name":"Fran\u00e7ois Servais","provider_url":"https:\/\/www.servais-vzw.org\/fr\/","title":"20e concert Servais - Second concert d'hommage Servais 1866-2016 - Fran\u00e7ois Servais","type":"rich","width":600,"height":338,"html":"<blockquote class=\"wp-embedded-content\" data-secret=\"GmRDmsP7Gq\"><a href=\"https:\/\/www.servais-vzw.org\/fr\/events\/20e-servaisconcert-tweede-hommageconcert-servais-1866-2016\/\">20e concert Servais &#8211; Second concert d&rsquo;hommage Servais 1866-2016<\/a><\/blockquote><iframe sandbox=\"allow-scripts\" security=\"restricted\" src=\"https:\/\/www.servais-vzw.org\/fr\/events\/20e-servaisconcert-tweede-hommageconcert-servais-1866-2016\/embed\/#?secret=GmRDmsP7Gq\" width=\"600\" height=\"338\" title=\"\u00ab\u00a020e concert Servais &#8211; Second concert d&rsquo;hommage Servais 1866-2016\u00a0\u00bb &#8212; Fran\u00e7ois Servais\" data-secret=\"GmRDmsP7Gq\" frameborder=\"0\" marginwidth=\"0\" marginheight=\"0\" scrolling=\"no\" class=\"wp-embedded-content\"><\/iframe><script type=\"text\/javascript\">\n\/* <![CDATA[ *\/\n\/*! This file is auto-generated *\/\n!function(d,l){\"use strict\";l.querySelector&&d.addEventListener&&\"undefined\"!=typeof URL&&(d.wp=d.wp||{},d.wp.receiveEmbedMessage||(d.wp.receiveEmbedMessage=function(e){var t=e.data;if((t||t.secret||t.message||t.value)&&!\/[^a-zA-Z0-9]\/.test(t.secret)){for(var s,r,n,a=l.querySelectorAll('iframe[data-secret=\"'+t.secret+'\"]'),o=l.querySelectorAll('blockquote[data-secret=\"'+t.secret+'\"]'),c=new RegExp(\"^https?:$\",\"i\"),i=0;i<o.length;i++)o[i].style.display=\"none\";for(i=0;i<a.length;i++)s=a[i],e.source===s.contentWindow&&(s.removeAttribute(\"style\"),\"height\"===t.message?(1e3<(r=parseInt(t.value,10))?r=1e3:~~r<200&&(r=200),s.height=r):\"link\"===t.message&&(r=new URL(s.getAttribute(\"src\")),n=new URL(t.value),c.test(n.protocol))&&n.host===r.host&&l.activeElement===s&&(d.top.location.href=t.value))}},d.addEventListener(\"message\",d.wp.receiveEmbedMessage,!1),l.addEventListener(\"DOMContentLoaded\",function(){for(var e,t,s=l.querySelectorAll(\"iframe.wp-embedded-content\"),r=0;r<s.length;r++)(t=(e=s[r]).getAttribute(\"data-secret\"))||(t=Math.random().toString(36).substring(2,12),e.src+=\"#?secret=\"+t,e.setAttribute(\"data-secret\",t)),e.contentWindow.postMessage({message:\"ready\",secret:t},\"*\")},!1)))}(window,document);\n\/\/# sourceURL=https:\/\/www.servais-vzw.org\/wp-includes\/js\/wp-embed.min.js\n\/* ]]> *\/\n<\/script>\n","thumbnail_url":"https:\/\/www.servais-vzw.org\/wp-content\/uploads\/2016\/07\/standbeeld.jpg","thumbnail_width":475,"thumbnail_height":584,"description":"Le 26 novembre 2016 marquera le cent-cinquanti\u00e8me anniversaire du d\u00e9c\u00e8s de Fran\u00e7ois Servais. En son honneur l\u2019association Servais organise deux concerts d\u2019hommage\u00a0le\u00a027 novembre 2016. Lors du deuxi\u00e8me concert 12 professeurs des conservatoires Belges\u00a0se pr\u00e9senteront \u00e0 la Basilique de Hal. Ils interpr\u00e8teront des oeuvres de Bach, Servais, Fran\u00e7ois Ren\u00e9 Gebauer, Benjamin Glorieux (premi\u00e8re mondiale!) et Giovanni Sollima. Artistes: Viviane Spanoghe, Anna ..."}